{"version":"1.0","provider_name":"Municipalit\u00e9 de Shawville Quebec","provider_url":"https:\/\/shawville.ca\/fr\/","author_name":"Office","author_url":"https:\/\/shawville.ca\/fr\/author\/office\/","title":"Parade des lumi\u00e8res du P\u00e8re No\u00ebl - Municipalit\u00e9 de Shawville Quebec","type":"rich","width":600,"height":338,"html":"<blockquote class=\"wp-embedded-content\" data-secret=\"n1ZySgUe8v\"><a href=\"https:\/\/shawville.ca\/fr\/santa-claus-parade-of-lights\/\">Parade des lumi\u00e8res du P\u00e8re No\u00ebl<\/a><\/blockquote><iframe sandbox=\"allow-scripts\" security=\"restricted\" src=\"https:\/\/shawville.ca\/fr\/santa-claus-parade-of-lights\/embed\/#?secret=n1ZySgUe8v\" width=\"600\" height=\"338\" title=\"\u00ab\u00a0Parade des lumi\u00e8res du P\u00e8re No\u00ebl\u00a0\u00bb &#8212; Municipalit\u00e9 de Shawville Quebec\" data-secret=\"n1ZySgUe8v\" frameborder=\"0\" marginwidth=\"0\" marginheight=\"0\" scrolling=\"no\" class=\"wp-embedded-content\"><\/iframe><script type=\"text\/javascript\">\n\/* <![CDATA[ *\/\n\/*! This file is auto-generated *\/\n!function(d,l){\"use strict\";l.querySelector&&d.addEventListener&&\"undefined\"!=typeof URL&&(d.wp=d.wp||{},d.wp.receiveEmbedMessage||(d.wp.receiveEmbedMessage=function(e){var t=e.data;if((t||t.secret||t.message||t.value)&&!\/[^a-zA-Z0-9]\/.test(t.secret)){for(var s,r,n,a=l.querySelectorAll('iframe[data-secret=\"'+t.secret+'\"]'),o=l.querySelectorAll('blockquote[data-secret=\"'+t.secret+'\"]'),c=new RegExp(\"^https?:$\",\"i\"),i=0;i<o.length;i++)o[i].style.display=\"none\";for(i=0;i<a.length;i++)s=a[i],e.source===s.contentWindow&&(s.removeAttribute(\"style\"),\"height\"===t.message?(1e3<(r=parseInt(t.value,10))?r=1e3:~~r<200&&(r=200),s.height=r):\"link\"===t.message&&(r=new URL(s.getAttribute(\"src\")),n=new URL(t.value),c.test(n.protocol))&&n.host===r.host&&l.activeElement===s&&(d.top.location.href=t.value))}},d.addEventListener(\"message\",d.wp.receiveEmbedMessage,!1),l.addEventListener(\"DOMContentLoaded\",function(){for(var e,t,s=l.querySelectorAll(\"iframe.wp-embedded-content\"),r=0;r<s.length;r++)(t=(e=s[r]).getAttribute(\"data-secret\"))||(t=Math.random().toString(36).substring(2,12),e.src+=\"#?secret=\"+t,e.setAttribute(\"data-secret\",t)),e.contentWindow.postMessage({message:\"ready\",secret:t},\"*\")},!1)))}(window,document);\n\/\/# sourceURL=https:\/\/shawville.ca\/wp-includes\/js\/wp-embed.min.js\n\/* ]]> *\/\n<\/script>\n","description":"La municipalit\u00e9 de Shawville et Clarendon Le samedi 30 novembre \u00e0 partir de 17 h 30 Inscription \u00e0 16h30 au garage des bus. La pr\u00e9inscription est appr\u00e9ci\u00e9e. Veuillez vous inscrire \u00e0 l&#8217;h\u00f4tel de ville en composant le 819-647-2979. Les animaux qui participeront au d\u00e9fil\u00e9 DOIVENT avoir une assurance responsabilit\u00e9. Le P\u00e8re No\u00ebl se rendra \u00e0 &hellip;","thumbnail_url":"https:\/\/shawville.ca\/wp-content\/uploads\/2024\/03\/shawville.jpg","thumbnail_width":1280,"thumbnail_height":720}